{"id":1775,"date":"2019-07-22T12:25:51","date_gmt":"2019-07-22T11:25:51","guid":{"rendered":"http:\/\/association-douar-tamazirte.ch\/w\/?page_id=1775"},"modified":"2019-10-31T15:59:11","modified_gmt":"2019-10-31T14:59:11","slug":"1775-2","status":"publish","type":"page","link":"http:\/\/association-douar-tamazirte.ch\/w\/?page_id=1775","title":{"rendered":"Ultratour du L\u00e9man"},"content":{"rendered":"\n<p style=\"text-align:center\" class=\"has-large-font-size\"><span style=\"color:#1982d1\" class=\"tadv-color\"><strong>175 km non-stop<\/strong><\/span><\/p>\n\n\n\n<ul>\n<li>\n<h1><span style=\"color: #000000;\">Samedi 7 septembre 2019, Alain Rouiller va participer \u00e0 l&rsquo;Ultratour du L\u00e9man en faveur des enfants !<\/span><\/h1>\n<\/li>\n<li>\n<h1><span style=\"color: #000000;\">D\u00e9part \u00e0 7h du matin de Villeneuve, le tour du Lac L\u00e9man non-stop en maximum 30 heures<\/span><\/h1>\n<\/li>\n<li>\n<h1><span style=\"color: #ff0000;\">Sponsorisez ses km ! Tous les b\u00e9n\u00e9fices sont en faveur des enfants !<\/span><\/h1>\n<\/li>\n<li>\n<h1><span style=\"color: #000000;\"><a style=\"color: #000000;\" href=\"http:\/\/www.ultratourduleman.ch\">http:\\www.ultratourduleman.ch<\/a><\/span><\/h1>\n<\/li>\n<\/ul>\n\n\n\n\n","protected":false},"excerpt":{"rendered":"<p>175 km non-stop Samedi 7 septembre 2019, Alain Rouiller va participer \u00e0 l&rsquo;Ultratour du L\u00e9man en faveur des enfants ! D\u00e9part \u00e0 7h du matin de Villeneuve, le tour du Lac L\u00e9man non-stop en maximum 30 heures Sponsorisez ses km ! Tous les b\u00e9n\u00e9fices sont en faveur des enfants ! http:\\www.ultratourduleman.ch<\/p>\n","protected":false},"author":3,"featured_media":0,"parent":0,"menu_order":270,"comment_status":"closed","ping_status":"closed","template":"","meta":{"footnotes":""},"class_list":["post-1775","page","type-page","status-publish","hentry"],"jetpack_sharing_enabled":true,"_links":{"self":[{"href":"http:\/\/association-douar-tamazirte.ch\/w\/index.php?rest_route=\/wp\/v2\/pages\/1775","targetHints":{"allow":["GET"]}}],"collection":[{"href":"http:\/\/association-douar-tamazirte.ch\/w\/index.php?rest_route=\/wp\/v2\/pages"}],"about":[{"href":"http:\/\/association-douar-tamazirte.ch\/w\/index.php?rest_route=\/wp\/v2\/types\/page"}],"author":[{"embeddable":true,"href":"http:\/\/association-douar-tamazirte.ch\/w\/index.php?rest_route=\/wp\/v2\/users\/3"}],"replies":[{"embeddable":true,"href":"http:\/\/association-douar-tamazirte.ch\/w\/index.php?rest_route=%2Fwp%2Fv2%2Fcomments&post=1775"}],"version-history":[{"count":10,"href":"http:\/\/association-douar-tamazirte.ch\/w\/index.php?rest_route=\/wp\/v2\/pages\/1775\/revisions"}],"predecessor-version":[{"id":1824,"href":"http:\/\/association-douar-tamazirte.ch\/w\/index.php?rest_route=\/wp\/v2\/pages\/1775\/revisions\/1824"}],"wp:attachment":[{"href":"http:\/\/association-douar-tamazirte.ch\/w\/index.php?rest_route=%2Fwp%2Fv2%2Fmedia&parent=1775"}],"curies":[{"name":"wp","href":"https:\/\/api.w.org\/{rel}","templated":true}]}}